{"id":4877,"date":"2023-07-17T09:21:01","date_gmt":"2023-07-17T07:21:01","guid":{"rendered":"https:\/\/viafabrilis.zw.pl\/?page_id=4877"},"modified":"2024-02-10T16:43:19","modified_gmt":"2024-02-10T15:43:19","slug":"muzeum-kargula-a-pawlaka-v-lubomierzi","status":"publish","type":"page","link":"https:\/\/viafabrilis.zw.pl\/cs\/muzeum-kargula-a-pawlaka-v-lubomierzi\/","title":{"rendered":"Muzeum Kargula a Pawlaka v Lubomierzi"},"content":{"rendered":"\t\t<div data-elementor-type=\"wp-page\" data-elementor-id=\"4877\" class=\"elementor elementor-4877\" data-elementor-post-type=\"page\">\n\t\t\t\t\t\t<section class=\"elementor-section elementor-top-section elementor-element elementor-element-2fa4929 elementor-section-boxed elementor-section-height-default elementor-section-height-default\" data-id=\"2fa4929\" data-element_type=\"section\" data-settings=\"{&quot;jet_parallax_layout_list&quot;:[]}\">\n\t\t\t\t\t\t<div class=\"elementor-container elementor-column-gap-default\">\n\t\t\t\t\t<div class=\"elementor-column elementor-col-50 elementor-top-column elementor-element elementor-element-8f6c04d\" data-id=\"8f6c04d\" data-element_type=\"column\">\n\t\t\t<div class=\"elementor-widget-wrap elementor-element-populated\">\n\t\t\t\t\t\t<div class=\"elementor-element elementor-element-fcff44e elementor-widget elementor-widget-text-editor\" data-id=\"fcff44e\" data-element_type=\"widget\" data-widget_type=\"text-editor.default\">\n\t\t\t\t<div class=\"elementor-widget-container\">\n\t\t\t\t\t\t\t\t\t<p dir=\"ltr\" style=\"line-height: 1.3800000000000001; text-align: center; margin-top: 0pt; margin-bottom: 0pt;\"><span style=\"font-size: 12pt; font-family: 'Times New Roman'; color: #000000; background-color: transparent; font-weight: 400; font-style: normal; font-variant: normal; text-decoration: none; vertical-align: baseline; white-space: pre-wrap;\">ul. Wac\u0142awa Kowalskiego 1<\/span><\/p><p dir=\"ltr\" style=\"line-height: 1.3800000000000001; text-align: center; margin-top: 0pt; margin-bottom: 0pt;\"><span style=\"font-size: 12pt; font-family: 'Times New Roman'; color: #000000; background-color: transparent; font-weight: 400; font-style: normal; font-variant: normal; text-decoration: none; vertical-align: baseline; white-space: pre-wrap;\">59-623 Lubomierz<\/span><\/p><p dir=\"ltr\" style=\"line-height: 1.3800000000000001; text-align: center; margin-top: 0pt; margin-bottom: 0pt;\"><span style=\"font-size: 12pt; font-family: 'Times New Roman'; color: #000000; background-color: transparent; font-weight: 400; font-style: normal; font-variant: normal; text-decoration: none; vertical-align: baseline; white-space: pre-wrap;\">tel.: +48 <\/span><span style=\"font-size: 12pt; font-family: 'Times New Roman'; color: #222222; background-color: #ffffff; font-weight: 400; font-style: normal; font-variant: normal; text-decoration: none; vertical-align: baseline; white-space: pre-wrap;\">75 735 28 72<\/span><\/p><p dir=\"ltr\" style=\"line-height: 1.3800000000000001; text-align: center; margin-top: 0pt; margin-bottom: 0pt;\"><span style=\"font-size: 12pt; font-family: 'Times New Roman'; color: #000000; background-color: transparent; font-weight: 400; font-style: normal; font-variant: normal; text-decoration: none; vertical-align: baseline; white-space: pre-wrap;\">e-mail: <\/span><span style=\"font-size: 11pt; font-family: 'Times New Roman'; color: #222222; background-color: #ffffff; font-weight: 400; font-style: normal; font-variant: normal; text-decoration: none; vertical-align: baseline; white-space: pre-wrap;\">lubomierzlck@wp.pl<\/span><\/p><p dir=\"ltr\" style=\"line-height: 1.3800000000000001; text-align: center; margin-top: 0pt; margin-bottom: 0pt;\"><span style=\"font-size: 12pt; font-family: 'Times New Roman'; color: #000000; background-color: transparent; font-weight: 400; font-style: normal; font-variant: normal; text-decoration: none; vertical-align: baseline; white-space: pre-wrap;\">www.lck.org.pl<\/span><\/p><p dir=\"ltr\" style=\"line-height: 1.3800000000000001; text-align: center; margin-top: 0pt; margin-bottom: 0pt;\"><b id=\"docs-internal-guid-ca6e0766-7fff-1e4f-5a62-db232b77fc34\" style=\"font-weight: normal;\">\u00a0<\/b><\/p><h4 dir=\"ltr\" style=\"line-height: 1.3800000000000001; text-align: center; margin-top: 0pt; margin-bottom: 0pt;\"><span style=\"font-size: 12pt; font-family: 'Times New Roman'; color: #000000; background-color: transparent; font-weight: bold; font-style: normal; font-variant: normal; text-decoration: none; vertical-align: baseline; white-space: pre-wrap;\">otev\u00edrac\u00ed doba:<\/span><\/h4><p dir=\"ltr\" style=\"line-height: 1.3800000000000001; text-align: center; margin-top: 0pt; margin-bottom: 0pt;\"><span style=\"font-size: 12pt; font-family: 'Times New Roman'; color: #000000; background-color: transparent; font-weight: 400; font-style: normal; font-variant: normal; text-decoration: none; vertical-align: baseline; white-space: pre-wrap;\">\u00fater\u00fd \u2013 ned\u011ble: 10:00 \u2013 16:00 (z\u00e1\u0159\u00ed \u2013 \u010derven)<\/span><\/p><p dir=\"ltr\" style=\"line-height: 1.3800000000000001; text-align: center; margin-top: 0pt; margin-bottom: 0pt;\">\u00a0<\/p><p dir=\"ltr\" style=\"line-height: 1.3800000000000001; text-align: center; margin-top: 0pt; margin-bottom: 0pt;\"><span style=\"font-size: 12pt; font-family: 'Times New Roman'; color: #000000; background-color: transparent; font-weight: 400; font-style: normal; font-variant: normal; text-decoration: none; vertical-align: baseline; white-space: pre-wrap;\">\u00fater\u00fd \u2013 ned\u011ble: 10:00\u201318:00 (\u010dervenec \u2013 srpen)<\/span><\/p><div><span style=\"font-size: 12pt; font-family: 'Times New Roman'; color: #000000; background-color: transparent; font-weight: 400; font-style: normal; font-variant: normal; text-decoration: none; vertical-align: baseline; white-space: pre-wrap;\">\u00a0<\/span><\/div><div><span style=\"font-size: 12pt; font-family: 'Times New Roman'; color: #000000; background-color: transparent; font-weight: 400; font-style: normal; font-variant: normal; text-decoration: none; vertical-align: baseline; white-space: pre-wrap;\">\u00a0<\/span><\/div>\t\t\t\t\t\t\t\t<\/div>\n\t\t\t\t<\/div>\n\t\t\t\t\t<\/div>\n\t\t<\/div>\n\t\t\t\t<div class=\"elementor-column elementor-col-50 elementor-top-column elementor-element elementor-element-a42d8d6\" data-id=\"a42d8d6\" data-element_type=\"column\">\n\t\t\t<div class=\"elementor-widget-wrap elementor-element-populated\">\n\t\t\t\t\t\t<div class=\"elementor-element elementor-element-9f27740 elementor-widget elementor-widget-image\" data-id=\"9f27740\" data-element_type=\"widget\" data-widget_type=\"image.default\">\n\t\t\t\t<div class=\"elementor-widget-container\">\n\t\t\t\t\t\t\t\t\t\t\t\t\t\t\t<img fetchpriority=\"high\" decoding=\"async\" width=\"1024\" height=\"683\" src=\"https:\/\/viafabrilis.zw.pl\/wp-content\/uploads\/2023\/07\/2-Fragment-ekspozycji-1024x683.jpg\" class=\"attachment-large size-large wp-image-4825\" alt=\"\" srcset=\"https:\/\/viafabrilis.zw.pl\/wp-content\/uploads\/2023\/07\/2-Fragment-ekspozycji-1024x683.jpg 1024w, https:\/\/viafabrilis.zw.pl\/wp-content\/uploads\/2023\/07\/2-Fragment-ekspozycji-300x200.jpg 300w, https:\/\/viafabrilis.zw.pl\/wp-content\/uploads\/2023\/07\/2-Fragment-ekspozycji-768x512.jpg 768w, https:\/\/viafabrilis.zw.pl\/wp-content\/uploads\/2023\/07\/2-Fragment-ekspozycji-600x400.jpg 600w, https:\/\/viafabrilis.zw.pl\/wp-content\/uploads\/2023\/07\/2-Fragment-ekspozycji.jpg 1200w\" sizes=\"(max-width: 1024px) 100vw, 1024px\" \/>\t\t\t\t\t\t\t\t\t\t\t\t\t\t\t<\/div>\n\t\t\t\t<\/div>\n\t\t\t\t\t<\/div>\n\t\t<\/div>\n\t\t\t\t\t<\/div>\n\t\t<\/section>\n\t\t\t\t<section class=\"elementor-section elementor-top-section elementor-element elementor-element-ed25dfb elementor-section-boxed elementor-section-height-default elementor-section-height-default\" data-id=\"ed25dfb\" data-element_type=\"section\" data-settings=\"{&quot;jet_parallax_layout_list&quot;:[]}\">\n\t\t\t\t\t\t<div class=\"elementor-container elementor-column-gap-default\">\n\t\t\t\t\t<div class=\"elementor-column elementor-col-100 elementor-top-column elementor-element elementor-element-9f9f5f7\" data-id=\"9f9f5f7\" data-element_type=\"column\">\n\t\t\t<div class=\"elementor-widget-wrap elementor-element-populated\">\n\t\t\t\t\t\t<div class=\"elementor-element elementor-element-1589c81 elementor-widget elementor-widget-text-editor\" data-id=\"1589c81\" data-element_type=\"widget\" data-widget_type=\"text-editor.default\">\n\t\t\t\t<div class=\"elementor-widget-container\">\n\t\t\t\t\t\t\t\t\t<p><span style=\"font-weight: 400;\">Muzeum Kargula a Pawlaka v Lubomierzi bylo zalo\u017eeno v roce 1995 z iniciativy m\u00edstn\u00edch obyvatel, kte\u0159\u00ed sb\u00edrali pam\u00e1tky spojen\u00e9 s filmovou minulost\u00ed m\u011bsta. V\u00fdstava je v\u011bnov\u00e1na komedi\u00e1ln\u00ed trilogii Sylwestra Ch\u0119ci\u0144sk\u00e9ho Sami swoi, Nie ma mocnych a Kochaj albo rzu\u0107, jej\u00ed\u017e fragmenty se nat\u00e1\u010dely v lubomierzsk\u00fdch plen\u00e9rech. V osmi m\u00edstnostech na t\u0159ech podla\u017e\u00edch jsou vystaveny kost\u00fdmy a rekvizity z filmu, fotografie z nat\u00e1\u010den\u00ed a filmov\u00e9 plak\u00e1ty. V jedn\u00e9 z m\u00edstnost\u00ed byl vytvo\u0159en kinos\u00e1l, kde je mo\u017en\u00e9 zhl\u00e9dnout uk\u00e1zky z filmu Sami swoi.<\/span><\/p><p><span style=\"font-weight: 400;\">Muzeum s\u00eddl\u00ed v Dom\u011b pl\u00e1ten\u00edk\u016f ze 16. stolet\u00ed, kter\u00fd je dokladem tkalcovsk\u00e9 a hedv\u00e1bnick\u00e9 tradice m\u011bsta, je\u017e sah\u00e1 a\u017e do 12. stolet\u00ed. V novov\u011bku byla Lubomierz jedn\u00edm z v\u011bt\u0161\u00edch region\u00e1ln\u00edch center v\u00fdroby vln\u011bn\u00e9 p\u0159\u00edze. Ve m\u011bst\u011b se po\u0159\u00e1daly trhy s p\u0159\u00edz\u00ed a zbo\u017e\u00ed se vyv\u00e1\u017eelo do cel\u00e9 Evropy. Ne\u017e se v\u0161ak surovina dostala k z\u00e1kazn\u00edkovi, pro\u0161la na m\u00edst\u011b dlouh\u00fdm a slo\u017eit\u00fdm cyklem \u010di\u0161t\u011bn\u00ed a p\u0159ed\u00fapravy, po n\u011bm\u017e n\u00e1sledovalo sp\u0159\u00e1d\u00e1n\u00ed a nav\u00edjen\u00ed nit\u00ed. \u0160kub\u00e1n\u00ed, \u010des\u00e1n\u00ed a myk\u00e1n\u00ed rouna se prov\u00e1d\u011blo pod \u0161ir\u00fdm nebem pomoc\u00ed h\u0159eben\u016f, kart\u00e1\u010d\u016f a krampl\u00ed s \u010detn\u00fdmi \u017eelezn\u00fdmi h\u00e1\u010dky. P\u0159eden\u00ed se prov\u00e1d\u011blo pomoc\u00ed d\u0159ev\u011bn\u00fdch v\u0159eten, kter\u00e1 se sm\u011brem nahoru zu\u017eovala. Teprve v 19. stolet\u00ed se roz\u0161\u00ed\u0159ily kolovr\u00e1tky poh\u00e1n\u011bn\u00e9 ped\u00e1ly. Sp\u0159eden\u00e1 nit se nav\u00edjela pomoc\u00ed navij\u00e1k\u016f a motovidel. Konec p\u0159\u00e1delnick\u00e9 prosperity a n\u00e1slednou stagnaci a \u00fapadek m\u011bsta p\u0159inesl a\u017e rozvoj od\u011bvn\u00edho pr\u016fmyslu v 19. stolet\u00ed ve v\u011bt\u0161\u00edch centrech regionu.<\/span><\/p>\t\t\t\t\t\t\t\t<\/div>\n\t\t\t\t<\/div>\n\t\t\t\t\t<\/div>\n\t\t<\/div>\n\t\t\t\t\t<\/div>\n\t\t<\/section>\n\t\t\t\t<section class=\"elementor-section elementor-top-section elementor-element elementor-element-7d43d29 elementor-section-boxed elementor-section-height-default elementor-section-height-default\" data-id=\"7d43d29\" data-element_type=\"section\" data-settings=\"{&quot;jet_parallax_layout_list&quot;:[]}\">\n\t\t\t\t\t\t<div class=\"elementor-container elementor-column-gap-default\">\n\t\t\t\t\t<div class=\"elementor-column elementor-col-100 elementor-top-column elementor-element elementor-element-2468f89\" data-id=\"2468f89\" data-element_type=\"column\">\n\t\t\t<div class=\"elementor-widget-wrap elementor-element-populated\">\n\t\t\t\t\t\t<div class=\"elementor-element elementor-element-2431b86 elementor-widget elementor-widget-image-gallery\" data-id=\"2431b86\" data-element_type=\"widget\" data-widget_type=\"image-gallery.default\">\n\t\t\t\t<div class=\"elementor-widget-container\">\n\t\t\t\t\t\t\t<div class=\"elementor-image-gallery\">\n\t\t\t<div id='gallery-1' class='gallery galleryid-4877 gallery-columns-4 gallery-size-monstroid2-thumb-justify'><figure class='gallery-item'>\n\t\t\t<div class='gallery-icon landscape'>\n\t\t\t\t<a data-elementor-open-lightbox=\"yes\" data-elementor-lightbox-slideshow=\"2431b86\" data-elementor-lightbox-title=\"1. Dom P\u0142o\u0301cienniko\u0301w \u2013 siedziba Muzeum Kargula i Pawlaka w Lubomierzu\" data-e-action-hash=\"#elementor-action%3Aaction%3Dlightbox%26settings%3DeyJpZCI6NDgzMCwidXJsIjoiaHR0cHM6XC9cL3ZpYWZhYnJpbGlzLnp3LnBsXC93cC1jb250ZW50XC91cGxvYWRzXC8yMDIzXC8wN1wvMS4tRG9tLVBsb2NpZW5uaWtvdy1cdTIwMTMtc2llZHppYmEtTXV6ZXVtLUthcmd1bGEtaS1QYXdsYWthLXctTHVib21pZXJ6dS5qcGciLCJzbGlkZXNob3ciOiIyNDMxYjg2In0%3D\" href='https:\/\/viafabrilis.zw.pl\/wp-content\/uploads\/2023\/07\/1.-Dom-Plociennikow-\u2013-siedziba-Muzeum-Kargula-i-Pawlaka-w-Lubomierzu.jpg'><img decoding=\"async\" width=\"640\" height=\"640\" src=\"https:\/\/viafabrilis.zw.pl\/wp-content\/uploads\/2023\/07\/1.-Dom-Plociennikow-\u2013-siedziba-Muzeum-Kargula-i-Pawlaka-w-Lubomierzu-640x640.jpg\" class=\"attachment-monstroid2-thumb-justify size-monstroid2-thumb-justify\" alt=\"\" aria-describedby=\"gallery-1-4830\" srcset=\"https:\/\/viafabrilis.zw.pl\/wp-content\/uploads\/2023\/07\/1.-Dom-Plociennikow-\u2013-siedziba-Muzeum-Kargula-i-Pawlaka-w-Lubomierzu-640x640.jpg 640w, https:\/\/viafabrilis.zw.pl\/wp-content\/uploads\/2023\/07\/1.-Dom-Plociennikow-\u2013-siedziba-Muzeum-Kargula-i-Pawlaka-w-Lubomierzu-150x150.jpg 150w, https:\/\/viafabrilis.zw.pl\/wp-content\/uploads\/2023\/07\/1.-Dom-Plociennikow-\u2013-siedziba-Muzeum-Kargula-i-Pawlaka-w-Lubomierzu-230x230.jpg 230w, https:\/\/viafabrilis.zw.pl\/wp-content\/uploads\/2023\/07\/1.-Dom-Plociennikow-\u2013-siedziba-Muzeum-Kargula-i-Pawlaka-w-Lubomierzu-400x400.jpg 400w\" sizes=\"(max-width: 640px) 100vw, 640px\" \/><\/a>\n\t\t\t<\/div>\n\t\t\t\t<figcaption class='wp-caption-text gallery-caption' id='gallery-1-4830'>\n\t\t\t\tPl\u00e1tenick\u00fd d\u016fm &#8211; budova Muzea Kargula a Pawlaka\n\t\t\t\t<\/figcaption><\/figure><figure class='gallery-item'>\n\t\t\t<div class='gallery-icon landscape'>\n\t\t\t\t<a data-elementor-open-lightbox=\"yes\" data-elementor-lightbox-slideshow=\"2431b86\" data-elementor-lightbox-title=\"2 - Fragment ekspozycji\" data-e-action-hash=\"#elementor-action%3Aaction%3Dlightbox%26settings%3DeyJpZCI6NDgzNCwidXJsIjoiaHR0cHM6XC9cL3ZpYWZhYnJpbGlzLnp3LnBsXC93cC1jb250ZW50XC91cGxvYWRzXC8yMDIzXC8wN1wvMi1GcmFnbWVudC1la3Nwb3p5Y2ppLTEuanBnIiwic2xpZGVzaG93IjoiMjQzMWI4NiJ9\" href='https:\/\/viafabrilis.zw.pl\/wp-content\/uploads\/2023\/07\/2-Fragment-ekspozycji-1.jpg'><img decoding=\"async\" width=\"640\" height=\"640\" src=\"https:\/\/viafabrilis.zw.pl\/wp-content\/uploads\/2023\/07\/2-Fragment-ekspozycji-1-640x640.jpg\" class=\"attachment-monstroid2-thumb-justify size-monstroid2-thumb-justify\" alt=\"\" aria-describedby=\"gallery-1-4834\" srcset=\"https:\/\/viafabrilis.zw.pl\/wp-content\/uploads\/2023\/07\/2-Fragment-ekspozycji-1-640x640.jpg 640w, https:\/\/viafabrilis.zw.pl\/wp-content\/uploads\/2023\/07\/2-Fragment-ekspozycji-1-150x150.jpg 150w, https:\/\/viafabrilis.zw.pl\/wp-content\/uploads\/2023\/07\/2-Fragment-ekspozycji-1-230x230.jpg 230w, https:\/\/viafabrilis.zw.pl\/wp-content\/uploads\/2023\/07\/2-Fragment-ekspozycji-1-400x400.jpg 400w\" sizes=\"(max-width: 640px) 100vw, 640px\" \/><\/a>\n\t\t\t<\/div>\n\t\t\t\t<figcaption class='wp-caption-text gallery-caption' id='gallery-1-4834'>\n\t\t\t\tMuzejn\u00ed expozice\n\t\t\t\t<\/figcaption><\/figure><figure class='gallery-item'>\n\t\t\t<div class='gallery-icon landscape'>\n\t\t\t\t<a data-elementor-open-lightbox=\"yes\" data-elementor-lightbox-slideshow=\"2431b86\" data-elementor-lightbox-title=\"3 - Fragment ekspozycji\" data-e-action-hash=\"#elementor-action%3Aaction%3Dlightbox%26settings%3DeyJpZCI6NDgzOCwidXJsIjoiaHR0cHM6XC9cL3ZpYWZhYnJpbGlzLnp3LnBsXC93cC1jb250ZW50XC91cGxvYWRzXC8yMDIzXC8wN1wvMy1GcmFnbWVudC1la3Nwb3p5Y2ppLmpwZyIsInNsaWRlc2hvdyI6IjI0MzFiODYifQ%3D%3D\" href='https:\/\/viafabrilis.zw.pl\/wp-content\/uploads\/2023\/07\/3-Fragment-ekspozycji.jpg'><img loading=\"lazy\" decoding=\"async\" width=\"640\" height=\"640\" src=\"https:\/\/viafabrilis.zw.pl\/wp-content\/uploads\/2023\/07\/3-Fragment-ekspozycji-640x640.jpg\" class=\"attachment-monstroid2-thumb-justify size-monstroid2-thumb-justify\" alt=\"\" aria-describedby=\"gallery-1-4838\" srcset=\"https:\/\/viafabrilis.zw.pl\/wp-content\/uploads\/2023\/07\/3-Fragment-ekspozycji-640x640.jpg 640w, https:\/\/viafabrilis.zw.pl\/wp-content\/uploads\/2023\/07\/3-Fragment-ekspozycji-150x150.jpg 150w, https:\/\/viafabrilis.zw.pl\/wp-content\/uploads\/2023\/07\/3-Fragment-ekspozycji-230x230.jpg 230w, https:\/\/viafabrilis.zw.pl\/wp-content\/uploads\/2023\/07\/3-Fragment-ekspozycji-400x400.jpg 400w\" sizes=\"(max-width: 640px) 100vw, 640px\" \/><\/a>\n\t\t\t<\/div>\n\t\t\t\t<figcaption class='wp-caption-text gallery-caption' id='gallery-1-4838'>\n\t\t\t\tMuzejn\u00ed expozice\n\t\t\t\t<\/figcaption><\/figure><figure class='gallery-item'>\n\t\t\t<div class='gallery-icon landscape'>\n\t\t\t\t<a data-elementor-open-lightbox=\"yes\" data-elementor-lightbox-slideshow=\"2431b86\" data-elementor-lightbox-title=\"4 - Fragment ekspozycji\" data-e-action-hash=\"#elementor-action%3Aaction%3Dlightbox%26settings%3DeyJpZCI6NDg0MywidXJsIjoiaHR0cHM6XC9cL3ZpYWZhYnJpbGlzLnp3LnBsXC93cC1jb250ZW50XC91cGxvYWRzXC8yMDIzXC8wN1wvNC1GcmFnbWVudC1la3Nwb3p5Y2ppLmpwZyIsInNsaWRlc2hvdyI6IjI0MzFiODYifQ%3D%3D\" href='https:\/\/viafabrilis.zw.pl\/wp-content\/uploads\/2023\/07\/4-Fragment-ekspozycji.jpg'><img loading=\"lazy\" decoding=\"async\" width=\"640\" height=\"640\" src=\"https:\/\/viafabrilis.zw.pl\/wp-content\/uploads\/2023\/07\/4-Fragment-ekspozycji-640x640.jpg\" class=\"attachment-monstroid2-thumb-justify size-monstroid2-thumb-justify\" alt=\"\" aria-describedby=\"gallery-1-4843\" srcset=\"https:\/\/viafabrilis.zw.pl\/wp-content\/uploads\/2023\/07\/4-Fragment-ekspozycji-640x640.jpg 640w, https:\/\/viafabrilis.zw.pl\/wp-content\/uploads\/2023\/07\/4-Fragment-ekspozycji-150x150.jpg 150w, https:\/\/viafabrilis.zw.pl\/wp-content\/uploads\/2023\/07\/4-Fragment-ekspozycji-230x230.jpg 230w, https:\/\/viafabrilis.zw.pl\/wp-content\/uploads\/2023\/07\/4-Fragment-ekspozycji-400x400.jpg 400w\" sizes=\"(max-width: 640px) 100vw, 640px\" \/><\/a>\n\t\t\t<\/div>\n\t\t\t\t<figcaption class='wp-caption-text gallery-caption' id='gallery-1-4843'>\n\t\t\t\tMuzejn\u00ed expozice\n\t\t\t\t<\/figcaption><\/figure><figure class='gallery-item'>\n\t\t\t<div class='gallery-icon landscape'>\n\t\t\t\t<a data-elementor-open-lightbox=\"yes\" data-elementor-lightbox-slideshow=\"2431b86\" data-elementor-lightbox-title=\"5 - Fragment ekspozycji\" data-e-action-hash=\"#elementor-action%3Aaction%3Dlightbox%26settings%3DeyJpZCI6NDg0NywidXJsIjoiaHR0cHM6XC9cL3ZpYWZhYnJpbGlzLnp3LnBsXC93cC1jb250ZW50XC91cGxvYWRzXC8yMDIzXC8wN1wvNS1GcmFnbWVudC1la3Nwb3p5Y2ppLmpwZyIsInNsaWRlc2hvdyI6IjI0MzFiODYifQ%3D%3D\" href='https:\/\/viafabrilis.zw.pl\/wp-content\/uploads\/2023\/07\/5-Fragment-ekspozycji.jpg'><img loading=\"lazy\" decoding=\"async\" width=\"640\" height=\"640\" src=\"https:\/\/viafabrilis.zw.pl\/wp-content\/uploads\/2023\/07\/5-Fragment-ekspozycji-640x640.jpg\" class=\"attachment-monstroid2-thumb-justify size-monstroid2-thumb-justify\" alt=\"\" aria-describedby=\"gallery-1-4847\" srcset=\"https:\/\/viafabrilis.zw.pl\/wp-content\/uploads\/2023\/07\/5-Fragment-ekspozycji-640x640.jpg 640w, https:\/\/viafabrilis.zw.pl\/wp-content\/uploads\/2023\/07\/5-Fragment-ekspozycji-150x150.jpg 150w, https:\/\/viafabrilis.zw.pl\/wp-content\/uploads\/2023\/07\/5-Fragment-ekspozycji-230x230.jpg 230w, https:\/\/viafabrilis.zw.pl\/wp-content\/uploads\/2023\/07\/5-Fragment-ekspozycji-400x400.jpg 400w\" sizes=\"(max-width: 640px) 100vw, 640px\" \/><\/a>\n\t\t\t<\/div>\n\t\t\t\t<figcaption class='wp-caption-text gallery-caption' id='gallery-1-4847'>\n\t\t\t\tMuzejn\u00ed expozice\n\t\t\t\t<\/figcaption><\/figure><figure class='gallery-item'>\n\t\t\t<div class='gallery-icon landscape'>\n\t\t\t\t<a data-elementor-open-lightbox=\"yes\" data-elementor-lightbox-slideshow=\"2431b86\" data-elementor-lightbox-title=\"6 - Fragment ekspozycji\" data-e-action-hash=\"#elementor-action%3Aaction%3Dlightbox%26settings%3DeyJpZCI6NDg1MSwidXJsIjoiaHR0cHM6XC9cL3ZpYWZhYnJpbGlzLnp3LnBsXC93cC1jb250ZW50XC91cGxvYWRzXC8yMDIzXC8wN1wvNi1GcmFnbWVudC1la3Nwb3p5Y2ppLmpwZyIsInNsaWRlc2hvdyI6IjI0MzFiODYifQ%3D%3D\" href='https:\/\/viafabrilis.zw.pl\/wp-content\/uploads\/2023\/07\/6-Fragment-ekspozycji.jpg'><img loading=\"lazy\" decoding=\"async\" width=\"640\" height=\"640\" src=\"https:\/\/viafabrilis.zw.pl\/wp-content\/uploads\/2023\/07\/6-Fragment-ekspozycji-640x640.jpg\" class=\"attachment-monstroid2-thumb-justify size-monstroid2-thumb-justify\" alt=\"\" aria-describedby=\"gallery-1-4851\" srcset=\"https:\/\/viafabrilis.zw.pl\/wp-content\/uploads\/2023\/07\/6-Fragment-ekspozycji-640x640.jpg 640w, https:\/\/viafabrilis.zw.pl\/wp-content\/uploads\/2023\/07\/6-Fragment-ekspozycji-150x150.jpg 150w, https:\/\/viafabrilis.zw.pl\/wp-content\/uploads\/2023\/07\/6-Fragment-ekspozycji-230x230.jpg 230w, https:\/\/viafabrilis.zw.pl\/wp-content\/uploads\/2023\/07\/6-Fragment-ekspozycji-400x400.jpg 400w\" sizes=\"(max-width: 640px) 100vw, 640px\" \/><\/a>\n\t\t\t<\/div>\n\t\t\t\t<figcaption class='wp-caption-text gallery-caption' id='gallery-1-4851'>\n\t\t\t\tMuzejn\u00ed expozice\n\t\t\t\t<\/figcaption><\/figure><figure class='gallery-item'>\n\t\t\t<div class='gallery-icon landscape'>\n\t\t\t\t<a data-elementor-open-lightbox=\"yes\" data-elementor-lightbox-slideshow=\"2431b86\" data-elementor-lightbox-title=\"7 - Fragment ekspozycji\" data-e-action-hash=\"#elementor-action%3Aaction%3Dlightbox%26settings%3DeyJpZCI6NDg1NSwidXJsIjoiaHR0cHM6XC9cL3ZpYWZhYnJpbGlzLnp3LnBsXC93cC1jb250ZW50XC91cGxvYWRzXC8yMDIzXC8wN1wvNy1GcmFnbWVudC1la3Nwb3p5Y2ppLmpwZyIsInNsaWRlc2hvdyI6IjI0MzFiODYifQ%3D%3D\" href='https:\/\/viafabrilis.zw.pl\/wp-content\/uploads\/2023\/07\/7-Fragment-ekspozycji.jpg'><img loading=\"lazy\" decoding=\"async\" width=\"640\" height=\"640\" src=\"https:\/\/viafabrilis.zw.pl\/wp-content\/uploads\/2023\/07\/7-Fragment-ekspozycji-640x640.jpg\" class=\"attachment-monstroid2-thumb-justify size-monstroid2-thumb-justify\" alt=\"\" aria-describedby=\"gallery-1-4855\" srcset=\"https:\/\/viafabrilis.zw.pl\/wp-content\/uploads\/2023\/07\/7-Fragment-ekspozycji-640x640.jpg 640w, https:\/\/viafabrilis.zw.pl\/wp-content\/uploads\/2023\/07\/7-Fragment-ekspozycji-150x150.jpg 150w, https:\/\/viafabrilis.zw.pl\/wp-content\/uploads\/2023\/07\/7-Fragment-ekspozycji-230x230.jpg 230w, https:\/\/viafabrilis.zw.pl\/wp-content\/uploads\/2023\/07\/7-Fragment-ekspozycji-400x400.jpg 400w\" sizes=\"(max-width: 640px) 100vw, 640px\" \/><\/a>\n\t\t\t<\/div>\n\t\t\t\t<figcaption class='wp-caption-text gallery-caption' id='gallery-1-4855'>\n\t\t\t\tMuzejn\u00ed expozice\n\t\t\t\t<\/figcaption><\/figure><figure class='gallery-item'>\n\t\t\t<div class='gallery-icon landscape'>\n\t\t\t\t<a data-elementor-open-lightbox=\"yes\" data-elementor-lightbox-slideshow=\"2431b86\" data-elementor-lightbox-title=\"8 - Kos\u0301cio\u0301\u0142 pod wezwaniem Wniebowzie\u0328cia NMP i s\u0301w. Maternusa\" data-e-action-hash=\"#elementor-action%3Aaction%3Dlightbox%26settings%3DeyJpZCI6NDg1OSwidXJsIjoiaHR0cHM6XC9cL3ZpYWZhYnJpbGlzLnp3LnBsXC93cC1jb250ZW50XC91cGxvYWRzXC8yMDIzXC8wN1wvOC1Lb3NjaW9sLXBvZC13ZXp3YW5pZW0tV25pZWJvd3ppZWNpYS1OTVAtaS1zdy4tTWF0ZXJudXNhLmpwZyIsInNsaWRlc2hvdyI6IjI0MzFiODYifQ%3D%3D\" href='https:\/\/viafabrilis.zw.pl\/wp-content\/uploads\/2023\/07\/8-Kosciol-pod-wezwaniem-Wniebowziecia-NMP-i-sw.-Maternusa.jpg'><img loading=\"lazy\" decoding=\"async\" width=\"640\" height=\"640\" src=\"https:\/\/viafabrilis.zw.pl\/wp-content\/uploads\/2023\/07\/8-Kosciol-pod-wezwaniem-Wniebowziecia-NMP-i-sw.-Maternusa-640x640.jpg\" class=\"attachment-monstroid2-thumb-justify size-monstroid2-thumb-justify\" alt=\"\" aria-describedby=\"gallery-1-4859\" srcset=\"https:\/\/viafabrilis.zw.pl\/wp-content\/uploads\/2023\/07\/8-Kosciol-pod-wezwaniem-Wniebowziecia-NMP-i-sw.-Maternusa-640x640.jpg 640w, https:\/\/viafabrilis.zw.pl\/wp-content\/uploads\/2023\/07\/8-Kosciol-pod-wezwaniem-Wniebowziecia-NMP-i-sw.-Maternusa-150x150.jpg 150w, https:\/\/viafabrilis.zw.pl\/wp-content\/uploads\/2023\/07\/8-Kosciol-pod-wezwaniem-Wniebowziecia-NMP-i-sw.-Maternusa-230x230.jpg 230w, https:\/\/viafabrilis.zw.pl\/wp-content\/uploads\/2023\/07\/8-Kosciol-pod-wezwaniem-Wniebowziecia-NMP-i-sw.-Maternusa-400x400.jpg 400w\" sizes=\"(max-width: 640px) 100vw, 640px\" \/><\/a>\n\t\t\t<\/div>\n\t\t\t\t<figcaption class='wp-caption-text gallery-caption' id='gallery-1-4859'>\n\t\t\t\tKo\u015bci\u00f3\u0142 pod wezwaniem Wniebowzi\u0119cia NMP i \u015bw. Maternusa\n\t\t\t\t<\/figcaption><\/figure><figure class='gallery-item'>\n\t\t\t<div class='gallery-icon portrait'>\n\t\t\t\t<a data-elementor-open-lightbox=\"yes\" data-elementor-lightbox-slideshow=\"2431b86\" data-elementor-lightbox-title=\"9 - Wne\u0328trze kos\u0301cio\u0142a pod wezwaniem Wniebowzie\u0328cia NMP i s\u0301w. Maternusa\" data-e-action-hash=\"#elementor-action%3Aaction%3Dlightbox%26settings%3DeyJpZCI6NDg2MywidXJsIjoiaHR0cHM6XC9cL3ZpYWZhYnJpbGlzLnp3LnBsXC93cC1jb250ZW50XC91cGxvYWRzXC8yMDIzXC8wN1wvOS1XbmV0cnplLWtvc2Npb2xhLXBvZC13ZXp3YW5pZW0tV25pZWJvd3ppZWNpYS1OTVAtaS1zdy4tTWF0ZXJudXNhLmpwZyIsInNsaWRlc2hvdyI6IjI0MzFiODYifQ%3D%3D\" href='https:\/\/viafabrilis.zw.pl\/wp-content\/uploads\/2023\/07\/9-Wnetrze-kosciola-pod-wezwaniem-Wniebowziecia-NMP-i-sw.-Maternusa.jpg'><img loading=\"lazy\" decoding=\"async\" width=\"640\" height=\"640\" src=\"https:\/\/viafabrilis.zw.pl\/wp-content\/uploads\/2023\/07\/9-Wnetrze-kosciola-pod-wezwaniem-Wniebowziecia-NMP-i-sw.-Maternusa-640x640.jpg\" class=\"attachment-monstroid2-thumb-justify size-monstroid2-thumb-justify\" alt=\"\" aria-describedby=\"gallery-1-4863\" srcset=\"https:\/\/viafabrilis.zw.pl\/wp-content\/uploads\/2023\/07\/9-Wnetrze-kosciola-pod-wezwaniem-Wniebowziecia-NMP-i-sw.-Maternusa-640x640.jpg 640w, https:\/\/viafabrilis.zw.pl\/wp-content\/uploads\/2023\/07\/9-Wnetrze-kosciola-pod-wezwaniem-Wniebowziecia-NMP-i-sw.-Maternusa-150x150.jpg 150w, https:\/\/viafabrilis.zw.pl\/wp-content\/uploads\/2023\/07\/9-Wnetrze-kosciola-pod-wezwaniem-Wniebowziecia-NMP-i-sw.-Maternusa-230x230.jpg 230w, https:\/\/viafabrilis.zw.pl\/wp-content\/uploads\/2023\/07\/9-Wnetrze-kosciola-pod-wezwaniem-Wniebowziecia-NMP-i-sw.-Maternusa-400x400.jpg 400w, https:\/\/viafabrilis.zw.pl\/wp-content\/uploads\/2023\/07\/9-Wnetrze-kosciola-pod-wezwaniem-Wniebowziecia-NMP-i-sw.-Maternusa-1080x1080.jpg 1080w\" sizes=\"(max-width: 640px) 100vw, 640px\" \/><\/a>\n\t\t\t<\/div>\n\t\t\t\t<figcaption class='wp-caption-text gallery-caption' id='gallery-1-4863'>\n\t\t\t\tWn\u0119trze ko\u015bcio\u0142a pod wezwaniem Wniebowzi\u0119cia NMP i \u015bw. Maternusa\n\t\t\t\t<\/figcaption><\/figure><figure class='gallery-item'>\n\t\t\t<div class='gallery-icon landscape'>\n\t\t\t\t<a data-elementor-open-lightbox=\"yes\" data-elementor-lightbox-slideshow=\"2431b86\" data-elementor-lightbox-title=\"10 - Lubomierz - Dom P\u0142o\u0301cienniko\u0301w, fontanna z figura\u0328 s\u0301w. Maternusa\" data-e-action-hash=\"#elementor-action%3Aaction%3Dlightbox%26settings%3DeyJpZCI6NDg2NywidXJsIjoiaHR0cHM6XC9cL3ZpYWZhYnJpbGlzLnp3LnBsXC93cC1jb250ZW50XC91cGxvYWRzXC8yMDIzXC8wN1wvMTAtTHVib21pZXJ6LURvbS1QbG9jaWVubmlrb3ctZm9udGFubmEtei1maWd1cmEtc3cuLU1hdGVybnVzYS5qcGciLCJzbGlkZXNob3ciOiIyNDMxYjg2In0%3D\" href='https:\/\/viafabrilis.zw.pl\/wp-content\/uploads\/2023\/07\/10-Lubomierz-Dom-Plociennikow-fontanna-z-figura-sw.-Maternusa.jpg'><img loading=\"lazy\" decoding=\"async\" width=\"640\" height=\"640\" src=\"https:\/\/viafabrilis.zw.pl\/wp-content\/uploads\/2023\/07\/10-Lubomierz-Dom-Plociennikow-fontanna-z-figura-sw.-Maternusa-640x640.jpg\" class=\"attachment-monstroid2-thumb-justify size-monstroid2-thumb-justify\" alt=\"\" aria-describedby=\"gallery-1-4867\" srcset=\"https:\/\/viafabrilis.zw.pl\/wp-content\/uploads\/2023\/07\/10-Lubomierz-Dom-Plociennikow-fontanna-z-figura-sw.-Maternusa-640x640.jpg 640w, https:\/\/viafabrilis.zw.pl\/wp-content\/uploads\/2023\/07\/10-Lubomierz-Dom-Plociennikow-fontanna-z-figura-sw.-Maternusa-150x150.jpg 150w, https:\/\/viafabrilis.zw.pl\/wp-content\/uploads\/2023\/07\/10-Lubomierz-Dom-Plociennikow-fontanna-z-figura-sw.-Maternusa-230x230.jpg 230w, https:\/\/viafabrilis.zw.pl\/wp-content\/uploads\/2023\/07\/10-Lubomierz-Dom-Plociennikow-fontanna-z-figura-sw.-Maternusa-400x400.jpg 400w\" sizes=\"(max-width: 640px) 100vw, 640px\" \/><\/a>\n\t\t\t<\/div>\n\t\t\t\t<figcaption class='wp-caption-text gallery-caption' id='gallery-1-4867'>\n\t\t\t\t Lubomierz &#8211; Dom P\u0142\u00f3ciennik\u00f3w, fontanna z figur\u0105 \u015bw. Maternusa\n\t\t\t\t<\/figcaption><\/figure><figure class='gallery-item'>\n\t\t\t<div class='gallery-icon landscape'>\n\t\t\t\t<a data-elementor-open-lightbox=\"yes\" data-elementor-lightbox-slideshow=\"2431b86\" data-elementor-lightbox-title=\"11 - Lubomierz - Plac Wolnos\u0301ci\" data-e-action-hash=\"#elementor-action%3Aaction%3Dlightbox%26settings%3DeyJpZCI6NDg3MSwidXJsIjoiaHR0cHM6XC9cL3ZpYWZhYnJpbGlzLnp3LnBsXC93cC1jb250ZW50XC91cGxvYWRzXC8yMDIzXC8wN1wvMTEtTHVib21pZXJ6LVBsYWMtV29sbm9zY2kuanBnIiwic2xpZGVzaG93IjoiMjQzMWI4NiJ9\" href='https:\/\/viafabrilis.zw.pl\/wp-content\/uploads\/2023\/07\/11-Lubomierz-Plac-Wolnosci.jpg'><img loading=\"lazy\" decoding=\"async\" width=\"640\" height=\"640\" src=\"https:\/\/viafabrilis.zw.pl\/wp-content\/uploads\/2023\/07\/11-Lubomierz-Plac-Wolnosci-640x640.jpg\" class=\"attachment-monstroid2-thumb-justify size-monstroid2-thumb-justify\" alt=\"\" aria-describedby=\"gallery-1-4871\" srcset=\"https:\/\/viafabrilis.zw.pl\/wp-content\/uploads\/2023\/07\/11-Lubomierz-Plac-Wolnosci-640x640.jpg 640w, https:\/\/viafabrilis.zw.pl\/wp-content\/uploads\/2023\/07\/11-Lubomierz-Plac-Wolnosci-150x150.jpg 150w, https:\/\/viafabrilis.zw.pl\/wp-content\/uploads\/2023\/07\/11-Lubomierz-Plac-Wolnosci-230x230.jpg 230w, https:\/\/viafabrilis.zw.pl\/wp-content\/uploads\/2023\/07\/11-Lubomierz-Plac-Wolnosci-400x400.jpg 400w\" sizes=\"(max-width: 640px) 100vw, 640px\" \/><\/a>\n\t\t\t<\/div>\n\t\t\t\t<figcaption class='wp-caption-text gallery-caption' id='gallery-1-4871'>\n\t\t\t\tLubomierz &#8211; Plac Wolno\u015bci\n\t\t\t\t<\/figcaption><\/figure>\n\t\t<\/div>\n\t\t<\/div>\n\t\t\t\t\t\t<\/div>\n\t\t\t\t<\/div>\n\t\t\t\t\t<\/div>\n\t\t<\/div>\n\t\t\t\t\t<\/div>\n\t\t<\/section>\n\t\t\t\t<\/div>\n\t\t","protected":false},"excerpt":{"rendered":"<p>ul. Wac\u0142awa Kowalskiego 1 59-623 Lubomierz tel.: +48 75 735 28 72 e-mail: lubomierzlck@wp.pl www.lck.org.pl &nbsp; otev\u00edrac\u00ed doba: \u00fater\u00fd \u2013 ned\u011ble: 10:00 \u2013 16:00 (z\u00e1\u0159\u00ed \u2013 \u010derven) \u00fater\u00fd \u2013 ned\u011ble: 10:00\u201318:00 (\u010dervenec \u2013 srpen) Muzeum Kargula a Pawlaka v Lubomierzi bylo zalo\u017eeno v roce 1995 z iniciativy m\u00edstn\u00edch obyvatel, kte\u0159\u00ed sb\u00edrali pam\u00e1tky spojen\u00e9 s filmovou [&hellip;]<\/p>\n","protected":false},"author":1,"featured_media":4830,"parent":0,"menu_order":0,"comment_status":"closed","ping_status":"closed","template":"","meta":{"footnotes":""},"class_list":["post-4877","page","type-page","status-publish","has-post-thumbnail","hentry","entry","has-media"],"_links":{"self":[{"href":"https:\/\/viafabrilis.zw.pl\/cs\/wp-json\/wp\/v2\/pages\/4877","targetHints":{"allow":["GET"]}}],"collection":[{"href":"https:\/\/viafabrilis.zw.pl\/cs\/wp-json\/wp\/v2\/pages"}],"about":[{"href":"https:\/\/viafabrilis.zw.pl\/cs\/wp-json\/wp\/v2\/types\/page"}],"author":[{"embeddable":true,"href":"https:\/\/viafabrilis.zw.pl\/cs\/wp-json\/wp\/v2\/users\/1"}],"replies":[{"embeddable":true,"href":"https:\/\/viafabrilis.zw.pl\/cs\/wp-json\/wp\/v2\/comments?post=4877"}],"version-history":[{"count":6,"href":"https:\/\/viafabrilis.zw.pl\/cs\/wp-json\/wp\/v2\/pages\/4877\/revisions"}],"predecessor-version":[{"id":8942,"href":"https:\/\/viafabrilis.zw.pl\/cs\/wp-json\/wp\/v2\/pages\/4877\/revisions\/8942"}],"wp:featuredmedia":[{"embeddable":true,"href":"https:\/\/viafabrilis.zw.pl\/cs\/wp-json\/wp\/v2\/media\/4830"}],"wp:attachment":[{"href":"https:\/\/viafabrilis.zw.pl\/cs\/wp-json\/wp\/v2\/media?parent=4877"}],"curies":[{"name":"wp","href":"https:\/\/api.w.org\/{rel}","templated":true}]}}